{"id":9901,"date":"2024-01-19T15:44:11","date_gmt":"2024-01-19T14:44:11","guid":{"rendered":"https:\/\/dev.brucjardi.com\/producto\/pave-granit-noir\/"},"modified":"2026-02-17T16:46:10","modified_gmt":"2026-02-17T15:46:10","slug":"pave-granit-noir","status":"publish","type":"product","link":"https:\/\/www.brucjardi.com\/fr\/producto\/pave-granit-noir\/","title":{"rendered":"Pav\u00e9 granit noir"},"content":{"rendered":"<p>Le pav\u00e9 en granit noir se distingue par sa couleur intense et \u00e9l\u00e9gante, ajoutant une touche de distinction \u00e0 tout projet d&rsquo;am\u00e9nagement paysager. Comme d&rsquo;autres pav\u00e9s en granit, il se r\u00e9v\u00e8le \u00eatre un choix id\u00e9al pour les zones soumises \u00e0 la circulation pi\u00e9tonne et automobile en raison de sa r\u00e9sistance et de sa durabilit\u00e9 inh\u00e9rentes.<\/p>\n<p>Sa teinte sombre offre la possibilit\u00e9 de cr\u00e9er des designs de pavage adapt\u00e9s aux styles rustiques et modernes. La polyvalence du pav\u00e9 en granit noir permet de le combiner avec des pav\u00e9s d&rsquo;autres couleurs, offrant ainsi aux concepteurs et paysagistes la libert\u00e9 d&rsquo;exp\u00e9rimenter et de cr\u00e9er des compositions visuelles uniques.<\/p>\n<p>En plus de son attrait esth\u00e9tique, le granit noir est reconnu pour sa capacit\u00e9 \u00e0 r\u00e9sister aux intemp\u00e9ries et \u00e0 l&rsquo;usure quotidienne. Cette r\u00e9sistance contribue \u00e0 la long\u00e9vit\u00e9 du rev\u00eatement de sol, garantissant qu&rsquo;il conserve son \u00e9l\u00e9gance et son int\u00e9grit\u00e9 structurelle au fil du temps.<\/p>\n<p>En r\u00e9sum\u00e9, le pav\u00e9 en granit noir non seulement ajoute une touche de sophistication aux espaces pav\u00e9s, mais offre \u00e9galement la possibilit\u00e9 de jouer avec la cr\u00e9ativit\u00e9 et de concevoir des environnements attrayants et durables. Sa polyvalence chromatique et sa durabilit\u00e9 inh\u00e9rente en font un choix appr\u00e9ci\u00e9 dans les projets de style classique et contemporain. Pour plus d&rsquo;informations, veuillez nous contacter par e-mail ou par t\u00e9l\u00e9phone.<\/p>\n","protected":false},"excerpt":{"rendered":"<div class=\"ocultar-ver-mas-mobile\">\n<p>Les pav\u00e9s en granit noir ont une couleur riche et \u00e9l\u00e9gante. Comme tous les pav\u00e9s en granit, il convient \u00e0 la circulation des pi\u00e9tons et des v\u00e9hicules et peut \u00eatre associ\u00e9 \u00e0 d\u2019autres pav\u00e9s de couleur pour former des motifs rustiques ou modernes.<\/p>\n<\/div>\n<p><strong>Pierre naturelle pouvant subir quelques variations de ton, de texture, de veines et de dimensions.<\/strong><\/p>\n<p><strong>Conditionnements disponibles:<\/strong><\/p>\n<p><img decoding=\"async\" class=\"alignnone wp-image-5706 lazyload\" data-src=\"https:\/\/www.brucjardi.com\/wp-content\/uploads\/2024\/01\/bb.png\" alt=\"\" width=\"65\" height=\"88\" src=\"data:image\/svg+xml;base64,PHN2ZyB3aWR0aD0iMSIgaGVpZ2h0PSIxIiB4bWxucz0iaHR0cDovL3d3dy53My5vcmcvMjAwMC9zdmciPjwvc3ZnPg==\" style=\"--smush-placeholder-width: 65px; --smush-placeholder-aspect-ratio: 65\/88;\" \/><\/p>\n","protected":false},"featured_media":8625,"template":"","meta":{"_acf_changed":false},"product_brand":[],"product_cat":[426,242],"product_tag":[],"class_list":{"0":"post-9901","1":"product","2":"type-product","3":"status-publish","4":"has-post-thumbnail","6":"product_cat-catstones-pierre-naturelle","7":"product_cat-paves","9":"first","10":"instock","11":"shipping-taxable","12":"product-type-simple"},"acf":[],"yoast_head":"<!-- This site is optimized with the Yoast SEO plugin v27.4 - https:\/\/yoast.com\/product\/yoast-seo-wordpress\/ -->\n<title>Pav\u00e9 granit noir - Bruc Jard\u00ed<\/title>\n<meta name=\"description\" content=\"Le pav\u00e9 en granit noir de Bruc Jard\u00ed pr\u00e9sente une couleur intense et \u00e9l\u00e9gante. Il est id\u00e9al pour la circulation pi\u00e9tonne et pour les voitures.\" \/>\n<meta name=\"robots\" content=\"index, follow, max-snippet:-1, max-image-preview:large, max-video-preview:-1\" \/>\n<link rel=\"canonical\" href=\"https:\/\/www.brucjardi.com\/fr\/producto\/pave-granit-noir\/\" \/>\n<meta property=\"og:locale\" content=\"fr_FR\" \/>\n<meta property=\"og:type\" content=\"article\" \/>\n<meta property=\"og:title\" content=\"Pav\u00e9 granit noir - Bruc Jard\u00ed\" \/>\n<meta property=\"og:description\" content=\"Le pav\u00e9 en granit noir de Bruc Jard\u00ed pr\u00e9sente une couleur intense et \u00e9l\u00e9gante. Il est id\u00e9al pour la circulation pi\u00e9tonne et pour les voitures.\" \/>\n<meta property=\"og:url\" content=\"https:\/\/www.brucjardi.com\/fr\/producto\/pave-granit-noir\/\" \/>\n<meta property=\"og:site_name\" content=\"Bruc Jard\u00ed\" \/>\n<meta property=\"article:publisher\" content=\"https:\/\/www.facebook.com\/p\/Bruc-Jard-100064062129504\/?paipv=0&amp;eav=AfYBgNTLyCD_XE-2sHqF-2NhCAlhfUu6pU6jIP4Cig42OkIfyGuVIdQjWqlOtRoWBJs&amp;_rdr\" \/>\n<meta property=\"article:modified_time\" content=\"2026-02-17T15:46:10+00:00\" \/>\n<meta property=\"og:image\" content=\"https:\/\/www.brucjardi.com\/wp-content\/uploads\/2024\/01\/adoquin-granito-negro-600x600-1.jpg\" \/>\n\t<meta property=\"og:image:width\" content=\"600\" \/>\n\t<meta property=\"og:image:height\" content=\"600\" \/>\n\t<meta property=\"og:image:type\" content=\"image\/jpeg\" \/>\n<meta name=\"twitter:card\" content=\"summary_large_image\" \/>\n<meta name=\"twitter:label1\" content=\"Dur\u00e9e de lecture estim\u00e9e\" \/>\n\t<meta name=\"twitter:data1\" content=\"2 minutes\" \/>\n<script type=\"application\/ld+json\" class=\"yoast-schema-graph\">{\"@context\":\"https:\\\/\\\/schema.org\",\"@graph\":[{\"@type\":\"WebPage\",\"@id\":\"https:\\\/\\\/www.brucjardi.com\\\/fr\\\/producto\\\/pave-granit-noir\\\/\",\"url\":\"https:\\\/\\\/www.brucjardi.com\\\/fr\\\/producto\\\/pave-granit-noir\\\/\",\"name\":\"Pav\u00e9 granit noir - Bruc Jard\u00ed\",\"isPartOf\":{\"@id\":\"https:\\\/\\\/www.brucjardi.com\\\/fr\\\/#website\"},\"primaryImageOfPage\":{\"@id\":\"https:\\\/\\\/www.brucjardi.com\\\/fr\\\/producto\\\/pave-granit-noir\\\/#primaryimage\"},\"image\":{\"@id\":\"https:\\\/\\\/www.brucjardi.com\\\/fr\\\/producto\\\/pave-granit-noir\\\/#primaryimage\"},\"thumbnailUrl\":\"https:\\\/\\\/www.brucjardi.com\\\/wp-content\\\/uploads\\\/2024\\\/01\\\/adoquin-granito-negro-600x600-1.jpg\",\"datePublished\":\"2024-01-19T14:44:11+00:00\",\"dateModified\":\"2026-02-17T15:46:10+00:00\",\"description\":\"Le pav\u00e9 en granit noir de Bruc Jard\u00ed pr\u00e9sente une couleur intense et \u00e9l\u00e9gante. Il est id\u00e9al pour la circulation pi\u00e9tonne et pour les voitures.\",\"breadcrumb\":{\"@id\":\"https:\\\/\\\/www.brucjardi.com\\\/fr\\\/producto\\\/pave-granit-noir\\\/#breadcrumb\"},\"inLanguage\":\"fr-FR\",\"potentialAction\":[{\"@type\":\"ReadAction\",\"target\":[\"https:\\\/\\\/www.brucjardi.com\\\/fr\\\/producto\\\/pave-granit-noir\\\/\"]}]},{\"@type\":\"ImageObject\",\"inLanguage\":\"fr-FR\",\"@id\":\"https:\\\/\\\/www.brucjardi.com\\\/fr\\\/producto\\\/pave-granit-noir\\\/#primaryimage\",\"url\":\"https:\\\/\\\/www.brucjardi.com\\\/wp-content\\\/uploads\\\/2024\\\/01\\\/adoquin-granito-negro-600x600-1.jpg\",\"contentUrl\":\"https:\\\/\\\/www.brucjardi.com\\\/wp-content\\\/uploads\\\/2024\\\/01\\\/adoquin-granito-negro-600x600-1.jpg\",\"width\":600,\"height\":600,\"caption\":\"Pav\u00e9 granit noir\"},{\"@type\":\"BreadcrumbList\",\"@id\":\"https:\\\/\\\/www.brucjardi.com\\\/fr\\\/producto\\\/pave-granit-noir\\\/#breadcrumb\",\"itemListElement\":[{\"@type\":\"ListItem\",\"position\":1,\"name\":\"Produits\",\"item\":\"https:\\\/\\\/www.brucjardi.com\\\/fr\\\/shop\\\/\"},{\"@type\":\"ListItem\",\"position\":2,\"name\":\"Pav\u00e9 granit noir\"}]},{\"@type\":\"WebSite\",\"@id\":\"https:\\\/\\\/www.brucjardi.com\\\/fr\\\/#website\",\"url\":\"https:\\\/\\\/www.brucjardi.com\\\/fr\\\/\",\"name\":\"Bruc Jard\u00ed\",\"description\":\"\",\"publisher\":{\"@id\":\"https:\\\/\\\/www.brucjardi.com\\\/fr\\\/#organization\"},\"alternateName\":\"BJ\",\"potentialAction\":[{\"@type\":\"SearchAction\",\"target\":{\"@type\":\"EntryPoint\",\"urlTemplate\":\"https:\\\/\\\/www.brucjardi.com\\\/fr\\\/?s={search_term_string}\"},\"query-input\":{\"@type\":\"PropertyValueSpecification\",\"valueRequired\":true,\"valueName\":\"search_term_string\"}}],\"inLanguage\":\"fr-FR\"},{\"@type\":\"Organization\",\"@id\":\"https:\\\/\\\/www.brucjardi.com\\\/fr\\\/#organization\",\"name\":\"Bruc Jard\u00ed\",\"url\":\"https:\\\/\\\/www.brucjardi.com\\\/fr\\\/\",\"logo\":{\"@type\":\"ImageObject\",\"inLanguage\":\"fr-FR\",\"@id\":\"https:\\\/\\\/www.brucjardi.com\\\/fr\\\/#\\\/schema\\\/logo\\\/image\\\/\",\"url\":\"https:\\\/\\\/www.brucjardi.com\\\/wp-content\\\/uploads\\\/2023\\\/09\\\/logo-BJ.png\",\"contentUrl\":\"https:\\\/\\\/www.brucjardi.com\\\/wp-content\\\/uploads\\\/2023\\\/09\\\/logo-BJ.png\",\"width\":1713,\"height\":1548,\"caption\":\"Bruc Jard\u00ed\"},\"image\":{\"@id\":\"https:\\\/\\\/www.brucjardi.com\\\/fr\\\/#\\\/schema\\\/logo\\\/image\\\/\"},\"sameAs\":[\"https:\\\/\\\/www.facebook.com\\\/p\\\/Bruc-Jard-100064062129504\\\/?paipv=0&eav=AfYBgNTLyCD_XE-2sHqF-2NhCAlhfUu6pU6jIP4Cig42OkIfyGuVIdQjWqlOtRoWBJs&_rdr\",\"https:\\\/\\\/www.instagram.com\\\/brucjardi_oficial\\\/?hl=es\"]}]}<\/script>\n<!-- \/ Yoast SEO plugin. -->","yoast_head_json":{"title":"Pav\u00e9 granit noir - Bruc Jard\u00ed","description":"Le pav\u00e9 en granit noir de Bruc Jard\u00ed pr\u00e9sente une couleur intense et \u00e9l\u00e9gante. Il est id\u00e9al pour la circulation pi\u00e9tonne et pour les voitures.","robots":{"index":"index","follow":"follow","max-snippet":"max-snippet:-1","max-image-preview":"max-image-preview:large","max-video-preview":"max-video-preview:-1"},"canonical":"https:\/\/www.brucjardi.com\/fr\/producto\/pave-granit-noir\/","og_locale":"fr_FR","og_type":"article","og_title":"Pav\u00e9 granit noir - Bruc Jard\u00ed","og_description":"Le pav\u00e9 en granit noir de Bruc Jard\u00ed pr\u00e9sente une couleur intense et \u00e9l\u00e9gante. Il est id\u00e9al pour la circulation pi\u00e9tonne et pour les voitures.","og_url":"https:\/\/www.brucjardi.com\/fr\/producto\/pave-granit-noir\/","og_site_name":"Bruc Jard\u00ed","article_publisher":"https:\/\/www.facebook.com\/p\/Bruc-Jard-100064062129504\/?paipv=0&eav=AfYBgNTLyCD_XE-2sHqF-2NhCAlhfUu6pU6jIP4Cig42OkIfyGuVIdQjWqlOtRoWBJs&_rdr","article_modified_time":"2026-02-17T15:46:10+00:00","og_image":[{"width":600,"height":600,"url":"https:\/\/www.brucjardi.com\/wp-content\/uploads\/2024\/01\/adoquin-granito-negro-600x600-1.jpg","type":"image\/jpeg"}],"twitter_card":"summary_large_image","twitter_misc":{"Dur\u00e9e de lecture estim\u00e9e":"2 minutes"},"schema":{"@context":"https:\/\/schema.org","@graph":[{"@type":"WebPage","@id":"https:\/\/www.brucjardi.com\/fr\/producto\/pave-granit-noir\/","url":"https:\/\/www.brucjardi.com\/fr\/producto\/pave-granit-noir\/","name":"Pav\u00e9 granit noir - Bruc Jard\u00ed","isPartOf":{"@id":"https:\/\/www.brucjardi.com\/fr\/#website"},"primaryImageOfPage":{"@id":"https:\/\/www.brucjardi.com\/fr\/producto\/pave-granit-noir\/#primaryimage"},"image":{"@id":"https:\/\/www.brucjardi.com\/fr\/producto\/pave-granit-noir\/#primaryimage"},"thumbnailUrl":"https:\/\/www.brucjardi.com\/wp-content\/uploads\/2024\/01\/adoquin-granito-negro-600x600-1.jpg","datePublished":"2024-01-19T14:44:11+00:00","dateModified":"2026-02-17T15:46:10+00:00","description":"Le pav\u00e9 en granit noir de Bruc Jard\u00ed pr\u00e9sente une couleur intense et \u00e9l\u00e9gante. Il est id\u00e9al pour la circulation pi\u00e9tonne et pour les voitures.","breadcrumb":{"@id":"https:\/\/www.brucjardi.com\/fr\/producto\/pave-granit-noir\/#breadcrumb"},"inLanguage":"fr-FR","potentialAction":[{"@type":"ReadAction","target":["https:\/\/www.brucjardi.com\/fr\/producto\/pave-granit-noir\/"]}]},{"@type":"ImageObject","inLanguage":"fr-FR","@id":"https:\/\/www.brucjardi.com\/fr\/producto\/pave-granit-noir\/#primaryimage","url":"https:\/\/www.brucjardi.com\/wp-content\/uploads\/2024\/01\/adoquin-granito-negro-600x600-1.jpg","contentUrl":"https:\/\/www.brucjardi.com\/wp-content\/uploads\/2024\/01\/adoquin-granito-negro-600x600-1.jpg","width":600,"height":600,"caption":"Pav\u00e9 granit noir"},{"@type":"BreadcrumbList","@id":"https:\/\/www.brucjardi.com\/fr\/producto\/pave-granit-noir\/#breadcrumb","itemListElement":[{"@type":"ListItem","position":1,"name":"Produits","item":"https:\/\/www.brucjardi.com\/fr\/shop\/"},{"@type":"ListItem","position":2,"name":"Pav\u00e9 granit noir"}]},{"@type":"WebSite","@id":"https:\/\/www.brucjardi.com\/fr\/#website","url":"https:\/\/www.brucjardi.com\/fr\/","name":"Bruc Jard\u00ed","description":"","publisher":{"@id":"https:\/\/www.brucjardi.com\/fr\/#organization"},"alternateName":"BJ","potentialAction":[{"@type":"SearchAction","target":{"@type":"EntryPoint","urlTemplate":"https:\/\/www.brucjardi.com\/fr\/?s={search_term_string}"},"query-input":{"@type":"PropertyValueSpecification","valueRequired":true,"valueName":"search_term_string"}}],"inLanguage":"fr-FR"},{"@type":"Organization","@id":"https:\/\/www.brucjardi.com\/fr\/#organization","name":"Bruc Jard\u00ed","url":"https:\/\/www.brucjardi.com\/fr\/","logo":{"@type":"ImageObject","inLanguage":"fr-FR","@id":"https:\/\/www.brucjardi.com\/fr\/#\/schema\/logo\/image\/","url":"https:\/\/www.brucjardi.com\/wp-content\/uploads\/2023\/09\/logo-BJ.png","contentUrl":"https:\/\/www.brucjardi.com\/wp-content\/uploads\/2023\/09\/logo-BJ.png","width":1713,"height":1548,"caption":"Bruc Jard\u00ed"},"image":{"@id":"https:\/\/www.brucjardi.com\/fr\/#\/schema\/logo\/image\/"},"sameAs":["https:\/\/www.facebook.com\/p\/Bruc-Jard-100064062129504\/?paipv=0&eav=AfYBgNTLyCD_XE-2sHqF-2NhCAlhfUu6pU6jIP4Cig42OkIfyGuVIdQjWqlOtRoWBJs&_rdr","https:\/\/www.instagram.com\/brucjardi_oficial\/?hl=es"]}]}},"_links":{"self":[{"href":"https:\/\/www.brucjardi.com\/fr\/wp-json\/wp\/v2\/product\/9901","targetHints":{"allow":["GET"]}}],"collection":[{"href":"https:\/\/www.brucjardi.com\/fr\/wp-json\/wp\/v2\/product"}],"about":[{"href":"https:\/\/www.brucjardi.com\/fr\/wp-json\/wp\/v2\/types\/product"}],"wp:featuredmedia":[{"embeddable":true,"href":"https:\/\/www.brucjardi.com\/fr\/wp-json\/wp\/v2\/media\/8625"}],"wp:attachment":[{"href":"https:\/\/www.brucjardi.com\/fr\/wp-json\/wp\/v2\/media?parent=9901"}],"wp:term":[{"taxonomy":"product_brand","embeddable":true,"href":"https:\/\/www.brucjardi.com\/fr\/wp-json\/wp\/v2\/product_brand?post=9901"},{"taxonomy":"product_cat","embeddable":true,"href":"https:\/\/www.brucjardi.com\/fr\/wp-json\/wp\/v2\/product_cat?post=9901"},{"taxonomy":"product_tag","embeddable":true,"href":"https:\/\/www.brucjardi.com\/fr\/wp-json\/wp\/v2\/product_tag?post=9901"}],"curies":[{"name":"wp","href":"https:\/\/api.w.org\/{rel}","templated":true}]}}