{"id":9902,"date":"2024-01-19T15:48:58","date_gmt":"2024-01-19T14:48:58","guid":{"rendered":"https:\/\/dev.brucjardi.com\/producto\/pave-granit-de-recuperation\/"},"modified":"2024-10-17T09:13:54","modified_gmt":"2024-10-17T07:13:54","slug":"pave-granit-de-recuperation","status":"publish","type":"product","link":"https:\/\/www.brucjardi.com\/fr\/producto\/pave-granit-de-recuperation\/","title":{"rendered":"Pav\u00e9 granit de r\u00e9cup\u00e9ration"},"content":{"rendered":"<p>Le pav\u00e9 granit de r\u00e9cup\u00e9ration incarne l&rsquo;essence de la r\u00e9utilisation, offrant une seconde chance \u00e0 une pierre qui a v\u00e9cu des histoires et des exp\u00e9riences pass\u00e9es. \u00c0 Bruc Jard\u00ed, nous c\u00e9l\u00e9brons l&rsquo;unicit\u00e9 de ce pav\u00e9, lui donnant l&rsquo;opportunit\u00e9 de se d\u00e9marquer dans des espaces \u00e0 la recherche d&rsquo;une touche authentique et pleine de personnalit\u00e9.<\/p>\n<p>Chacun de ces pav\u00e9s a une histoire unique, marqu\u00e9e par le passage du temps et les traces d&rsquo;utilisation pr\u00e9c\u00e9dente. En les incorporant dans de nouveaux projets, les espaces sont impr\u00e9gn\u00e9s d&rsquo;un caract\u00e8re sp\u00e9cial, enrichi par l&rsquo;histoire que chaque pav\u00e9 apporte avec lui. Ce choix conscient de r\u00e9utilisation r\u00e9pond non seulement \u00e0 des consid\u00e9rations environnementales, mais ajoute \u00e9galement une couche suppl\u00e9mentaire d&rsquo;authenticit\u00e9 aux environnements cr\u00e9\u00e9s.<\/p>\n<p>Le pav\u00e9 en granit r\u00e9cup\u00e9r\u00e9 devient ainsi un \u00e9l\u00e9ment distinctif, capable de transmettre la sensation de nostalgie et d&rsquo;authenticit\u00e9 qui ne peut \u00eatre obtenue qu&rsquo;avec des mat\u00e9riaux qui ont r\u00e9sist\u00e9 \u00e0 l&rsquo;\u00e9preuve du temps. Sa pr\u00e9sence dans les projets d&rsquo;am\u00e9nagement paysager n&rsquo;est pas seulement esth\u00e9tiquement attrayante, mais contribue \u00e9galement \u00e0 la narration visuelle et \u00e9motionnelle de l&rsquo;espace.<\/p>\n<p>En fin de compte, en optant pour le pav\u00e9 en granit de r\u00e9cup\u00e9ration, on choisit plus qu&rsquo;un simple mat\u00e9riau de pavage ; on s\u00e9lectionne une pi\u00e8ce qui raconte des histoires pass\u00e9es et qui, en \u00e9tant r\u00e9introduite dans de nouveaux contextes, ajoute une dimension unique et riche en sens aux espaces ext\u00e9rieurs.<\/p>\n","protected":false},"excerpt":{"rendered":"<p>Le pav\u00e9 de granit de r\u00e9cup\u00e9ration est un pav\u00e9 qui a d\u00e9j\u00e0 eu une vie, pleine d\u2019histoires et d\u2019exp\u00e9riences. Chez Bruc Jard\u00ed, nous lui donnons une seconde chance pour briller dans les espaces qui n\u00e9cessitent une touche de personnalit\u00e9.<\/p>\n<p><strong>Pierre naturelle pouvant subir quelques variations de ton, de texture, de veines et de dimensions.<\/strong><\/p>\n<p><strong>Conditionnements disponibles:<\/strong><\/p>\n<p><img decoding=\"async\" class=\"alignnone wp-image-5706 lazyload\" data-src=\"https:\/\/www.brucjardi.com\/wp-content\/uploads\/2024\/01\/bb.png\" alt=\"\" width=\"65\" height=\"88\" src=\"data:image\/svg+xml;base64,PHN2ZyB3aWR0aD0iMSIgaGVpZ2h0PSIxIiB4bWxucz0iaHR0cDovL3d3dy53My5vcmcvMjAwMC9zdmciPjwvc3ZnPg==\" style=\"--smush-placeholder-width: 65px; --smush-placeholder-aspect-ratio: 65\/88;\" \/><\/p>\n","protected":false},"featured_media":8628,"template":"","meta":{"_acf_changed":false},"product_brand":[],"product_cat":[426,242],"product_tag":[],"class_list":{"0":"post-9902","1":"product","2":"type-product","3":"status-publish","4":"has-post-thumbnail","6":"product_cat-catstones-pierre-naturelle","7":"product_cat-paves","9":"first","10":"instock","11":"shipping-taxable","12":"product-type-simple"},"acf":[],"yoast_head":"<!-- This site is optimized with the Yoast SEO plugin v27.4 - https:\/\/yoast.com\/product\/yoast-seo-wordpress\/ -->\n<title>Pav\u00e9 granit de r\u00e9cup\u00e9ration - Bruc Jard\u00ed<\/title>\n<meta name=\"description\" content=\"Le pav\u00e9 en granit r\u00e9cup\u00e9ration de Bruc Jard\u00ed est un pav\u00e9 rempli d&#039;histoires et de vie. Nous lui offrons une deuxi\u00e8me chance chez Bruc Jard\u00ed.\" \/>\n<meta name=\"robots\" content=\"index, follow, max-snippet:-1, max-image-preview:large, max-video-preview:-1\" \/>\n<link rel=\"canonical\" href=\"https:\/\/www.brucjardi.com\/fr\/producto\/pave-granit-de-recuperation\/\" \/>\n<meta property=\"og:locale\" content=\"fr_FR\" \/>\n<meta property=\"og:type\" content=\"article\" \/>\n<meta property=\"og:title\" content=\"Pav\u00e9 granit de r\u00e9cup\u00e9ration - Bruc Jard\u00ed\" \/>\n<meta property=\"og:description\" content=\"Le pav\u00e9 en granit r\u00e9cup\u00e9ration de Bruc Jard\u00ed est un pav\u00e9 rempli d&#039;histoires et de vie. Nous lui offrons une deuxi\u00e8me chance chez Bruc Jard\u00ed.\" \/>\n<meta property=\"og:url\" content=\"https:\/\/www.brucjardi.com\/fr\/producto\/pave-granit-de-recuperation\/\" \/>\n<meta property=\"og:site_name\" content=\"Bruc Jard\u00ed\" \/>\n<meta property=\"article:publisher\" content=\"https:\/\/www.facebook.com\/p\/Bruc-Jard-100064062129504\/?paipv=0&amp;eav=AfYBgNTLyCD_XE-2sHqF-2NhCAlhfUu6pU6jIP4Cig42OkIfyGuVIdQjWqlOtRoWBJs&amp;_rdr\" \/>\n<meta property=\"article:modified_time\" content=\"2024-10-17T07:13:54+00:00\" \/>\n<meta property=\"og:image\" content=\"https:\/\/www.brucjardi.com\/wp-content\/uploads\/2024\/01\/Diseno-sin-titulo-58.png\" \/>\n\t<meta property=\"og:image:width\" content=\"298\" \/>\n\t<meta property=\"og:image:height\" content=\"298\" \/>\n\t<meta property=\"og:image:type\" content=\"image\/png\" \/>\n<meta name=\"twitter:card\" content=\"summary_large_image\" \/>\n<meta name=\"twitter:label1\" content=\"Dur\u00e9e de lecture estim\u00e9e\" \/>\n\t<meta name=\"twitter:data1\" content=\"2 minutes\" \/>\n<script type=\"application\/ld+json\" class=\"yoast-schema-graph\">{\"@context\":\"https:\\\/\\\/schema.org\",\"@graph\":[{\"@type\":\"WebPage\",\"@id\":\"https:\\\/\\\/www.brucjardi.com\\\/fr\\\/producto\\\/pave-granit-de-recuperation\\\/\",\"url\":\"https:\\\/\\\/www.brucjardi.com\\\/fr\\\/producto\\\/pave-granit-de-recuperation\\\/\",\"name\":\"Pav\u00e9 granit de r\u00e9cup\u00e9ration - Bruc Jard\u00ed\",\"isPartOf\":{\"@id\":\"https:\\\/\\\/www.brucjardi.com\\\/fr\\\/#website\"},\"primaryImageOfPage\":{\"@id\":\"https:\\\/\\\/www.brucjardi.com\\\/fr\\\/producto\\\/pave-granit-de-recuperation\\\/#primaryimage\"},\"image\":{\"@id\":\"https:\\\/\\\/www.brucjardi.com\\\/fr\\\/producto\\\/pave-granit-de-recuperation\\\/#primaryimage\"},\"thumbnailUrl\":\"https:\\\/\\\/www.brucjardi.com\\\/wp-content\\\/uploads\\\/2024\\\/01\\\/Diseno-sin-titulo-58.png\",\"datePublished\":\"2024-01-19T14:48:58+00:00\",\"dateModified\":\"2024-10-17T07:13:54+00:00\",\"description\":\"Le pav\u00e9 en granit r\u00e9cup\u00e9ration de Bruc Jard\u00ed est un pav\u00e9 rempli d'histoires et de vie. Nous lui offrons une deuxi\u00e8me chance chez Bruc Jard\u00ed.\",\"breadcrumb\":{\"@id\":\"https:\\\/\\\/www.brucjardi.com\\\/fr\\\/producto\\\/pave-granit-de-recuperation\\\/#breadcrumb\"},\"inLanguage\":\"fr-FR\",\"potentialAction\":[{\"@type\":\"ReadAction\",\"target\":[\"https:\\\/\\\/www.brucjardi.com\\\/fr\\\/producto\\\/pave-granit-de-recuperation\\\/\"]}]},{\"@type\":\"ImageObject\",\"inLanguage\":\"fr-FR\",\"@id\":\"https:\\\/\\\/www.brucjardi.com\\\/fr\\\/producto\\\/pave-granit-de-recuperation\\\/#primaryimage\",\"url\":\"https:\\\/\\\/www.brucjardi.com\\\/wp-content\\\/uploads\\\/2024\\\/01\\\/Diseno-sin-titulo-58.png\",\"contentUrl\":\"https:\\\/\\\/www.brucjardi.com\\\/wp-content\\\/uploads\\\/2024\\\/01\\\/Diseno-sin-titulo-58.png\",\"width\":298,\"height\":298,\"caption\":\"Pav\u00e9 granit de r\u00e9cup\u00e9ration\"},{\"@type\":\"BreadcrumbList\",\"@id\":\"https:\\\/\\\/www.brucjardi.com\\\/fr\\\/producto\\\/pave-granit-de-recuperation\\\/#breadcrumb\",\"itemListElement\":[{\"@type\":\"ListItem\",\"position\":1,\"name\":\"Produits\",\"item\":\"https:\\\/\\\/www.brucjardi.com\\\/fr\\\/shop\\\/\"},{\"@type\":\"ListItem\",\"position\":2,\"name\":\"Pav\u00e9 granit de r\u00e9cup\u00e9ration\"}]},{\"@type\":\"WebSite\",\"@id\":\"https:\\\/\\\/www.brucjardi.com\\\/fr\\\/#website\",\"url\":\"https:\\\/\\\/www.brucjardi.com\\\/fr\\\/\",\"name\":\"Bruc Jard\u00ed\",\"description\":\"\",\"publisher\":{\"@id\":\"https:\\\/\\\/www.brucjardi.com\\\/fr\\\/#organization\"},\"alternateName\":\"BJ\",\"potentialAction\":[{\"@type\":\"SearchAction\",\"target\":{\"@type\":\"EntryPoint\",\"urlTemplate\":\"https:\\\/\\\/www.brucjardi.com\\\/fr\\\/?s={search_term_string}\"},\"query-input\":{\"@type\":\"PropertyValueSpecification\",\"valueRequired\":true,\"valueName\":\"search_term_string\"}}],\"inLanguage\":\"fr-FR\"},{\"@type\":\"Organization\",\"@id\":\"https:\\\/\\\/www.brucjardi.com\\\/fr\\\/#organization\",\"name\":\"Bruc Jard\u00ed\",\"url\":\"https:\\\/\\\/www.brucjardi.com\\\/fr\\\/\",\"logo\":{\"@type\":\"ImageObject\",\"inLanguage\":\"fr-FR\",\"@id\":\"https:\\\/\\\/www.brucjardi.com\\\/fr\\\/#\\\/schema\\\/logo\\\/image\\\/\",\"url\":\"https:\\\/\\\/www.brucjardi.com\\\/wp-content\\\/uploads\\\/2023\\\/09\\\/logo-BJ.png\",\"contentUrl\":\"https:\\\/\\\/www.brucjardi.com\\\/wp-content\\\/uploads\\\/2023\\\/09\\\/logo-BJ.png\",\"width\":1713,\"height\":1548,\"caption\":\"Bruc Jard\u00ed\"},\"image\":{\"@id\":\"https:\\\/\\\/www.brucjardi.com\\\/fr\\\/#\\\/schema\\\/logo\\\/image\\\/\"},\"sameAs\":[\"https:\\\/\\\/www.facebook.com\\\/p\\\/Bruc-Jard-100064062129504\\\/?paipv=0&eav=AfYBgNTLyCD_XE-2sHqF-2NhCAlhfUu6pU6jIP4Cig42OkIfyGuVIdQjWqlOtRoWBJs&_rdr\",\"https:\\\/\\\/www.instagram.com\\\/brucjardi_oficial\\\/?hl=es\"]}]}<\/script>\n<!-- \/ Yoast SEO plugin. -->","yoast_head_json":{"title":"Pav\u00e9 granit de r\u00e9cup\u00e9ration - Bruc Jard\u00ed","description":"Le pav\u00e9 en granit r\u00e9cup\u00e9ration de Bruc Jard\u00ed est un pav\u00e9 rempli d'histoires et de vie. Nous lui offrons une deuxi\u00e8me chance chez Bruc Jard\u00ed.","robots":{"index":"index","follow":"follow","max-snippet":"max-snippet:-1","max-image-preview":"max-image-preview:large","max-video-preview":"max-video-preview:-1"},"canonical":"https:\/\/www.brucjardi.com\/fr\/producto\/pave-granit-de-recuperation\/","og_locale":"fr_FR","og_type":"article","og_title":"Pav\u00e9 granit de r\u00e9cup\u00e9ration - Bruc Jard\u00ed","og_description":"Le pav\u00e9 en granit r\u00e9cup\u00e9ration de Bruc Jard\u00ed est un pav\u00e9 rempli d'histoires et de vie. Nous lui offrons une deuxi\u00e8me chance chez Bruc Jard\u00ed.","og_url":"https:\/\/www.brucjardi.com\/fr\/producto\/pave-granit-de-recuperation\/","og_site_name":"Bruc Jard\u00ed","article_publisher":"https:\/\/www.facebook.com\/p\/Bruc-Jard-100064062129504\/?paipv=0&eav=AfYBgNTLyCD_XE-2sHqF-2NhCAlhfUu6pU6jIP4Cig42OkIfyGuVIdQjWqlOtRoWBJs&_rdr","article_modified_time":"2024-10-17T07:13:54+00:00","og_image":[{"width":298,"height":298,"url":"https:\/\/www.brucjardi.com\/wp-content\/uploads\/2024\/01\/Diseno-sin-titulo-58.png","type":"image\/png"}],"twitter_card":"summary_large_image","twitter_misc":{"Dur\u00e9e de lecture estim\u00e9e":"2 minutes"},"schema":{"@context":"https:\/\/schema.org","@graph":[{"@type":"WebPage","@id":"https:\/\/www.brucjardi.com\/fr\/producto\/pave-granit-de-recuperation\/","url":"https:\/\/www.brucjardi.com\/fr\/producto\/pave-granit-de-recuperation\/","name":"Pav\u00e9 granit de r\u00e9cup\u00e9ration - Bruc Jard\u00ed","isPartOf":{"@id":"https:\/\/www.brucjardi.com\/fr\/#website"},"primaryImageOfPage":{"@id":"https:\/\/www.brucjardi.com\/fr\/producto\/pave-granit-de-recuperation\/#primaryimage"},"image":{"@id":"https:\/\/www.brucjardi.com\/fr\/producto\/pave-granit-de-recuperation\/#primaryimage"},"thumbnailUrl":"https:\/\/www.brucjardi.com\/wp-content\/uploads\/2024\/01\/Diseno-sin-titulo-58.png","datePublished":"2024-01-19T14:48:58+00:00","dateModified":"2024-10-17T07:13:54+00:00","description":"Le pav\u00e9 en granit r\u00e9cup\u00e9ration de Bruc Jard\u00ed est un pav\u00e9 rempli d'histoires et de vie. Nous lui offrons une deuxi\u00e8me chance chez Bruc Jard\u00ed.","breadcrumb":{"@id":"https:\/\/www.brucjardi.com\/fr\/producto\/pave-granit-de-recuperation\/#breadcrumb"},"inLanguage":"fr-FR","potentialAction":[{"@type":"ReadAction","target":["https:\/\/www.brucjardi.com\/fr\/producto\/pave-granit-de-recuperation\/"]}]},{"@type":"ImageObject","inLanguage":"fr-FR","@id":"https:\/\/www.brucjardi.com\/fr\/producto\/pave-granit-de-recuperation\/#primaryimage","url":"https:\/\/www.brucjardi.com\/wp-content\/uploads\/2024\/01\/Diseno-sin-titulo-58.png","contentUrl":"https:\/\/www.brucjardi.com\/wp-content\/uploads\/2024\/01\/Diseno-sin-titulo-58.png","width":298,"height":298,"caption":"Pav\u00e9 granit de r\u00e9cup\u00e9ration"},{"@type":"BreadcrumbList","@id":"https:\/\/www.brucjardi.com\/fr\/producto\/pave-granit-de-recuperation\/#breadcrumb","itemListElement":[{"@type":"ListItem","position":1,"name":"Produits","item":"https:\/\/www.brucjardi.com\/fr\/shop\/"},{"@type":"ListItem","position":2,"name":"Pav\u00e9 granit de r\u00e9cup\u00e9ration"}]},{"@type":"WebSite","@id":"https:\/\/www.brucjardi.com\/fr\/#website","url":"https:\/\/www.brucjardi.com\/fr\/","name":"Bruc Jard\u00ed","description":"","publisher":{"@id":"https:\/\/www.brucjardi.com\/fr\/#organization"},"alternateName":"BJ","potentialAction":[{"@type":"SearchAction","target":{"@type":"EntryPoint","urlTemplate":"https:\/\/www.brucjardi.com\/fr\/?s={search_term_string}"},"query-input":{"@type":"PropertyValueSpecification","valueRequired":true,"valueName":"search_term_string"}}],"inLanguage":"fr-FR"},{"@type":"Organization","@id":"https:\/\/www.brucjardi.com\/fr\/#organization","name":"Bruc Jard\u00ed","url":"https:\/\/www.brucjardi.com\/fr\/","logo":{"@type":"ImageObject","inLanguage":"fr-FR","@id":"https:\/\/www.brucjardi.com\/fr\/#\/schema\/logo\/image\/","url":"https:\/\/www.brucjardi.com\/wp-content\/uploads\/2023\/09\/logo-BJ.png","contentUrl":"https:\/\/www.brucjardi.com\/wp-content\/uploads\/2023\/09\/logo-BJ.png","width":1713,"height":1548,"caption":"Bruc Jard\u00ed"},"image":{"@id":"https:\/\/www.brucjardi.com\/fr\/#\/schema\/logo\/image\/"},"sameAs":["https:\/\/www.facebook.com\/p\/Bruc-Jard-100064062129504\/?paipv=0&eav=AfYBgNTLyCD_XE-2sHqF-2NhCAlhfUu6pU6jIP4Cig42OkIfyGuVIdQjWqlOtRoWBJs&_rdr","https:\/\/www.instagram.com\/brucjardi_oficial\/?hl=es"]}]}},"_links":{"self":[{"href":"https:\/\/www.brucjardi.com\/fr\/wp-json\/wp\/v2\/product\/9902","targetHints":{"allow":["GET"]}}],"collection":[{"href":"https:\/\/www.brucjardi.com\/fr\/wp-json\/wp\/v2\/product"}],"about":[{"href":"https:\/\/www.brucjardi.com\/fr\/wp-json\/wp\/v2\/types\/product"}],"wp:featuredmedia":[{"embeddable":true,"href":"https:\/\/www.brucjardi.com\/fr\/wp-json\/wp\/v2\/media\/8628"}],"wp:attachment":[{"href":"https:\/\/www.brucjardi.com\/fr\/wp-json\/wp\/v2\/media?parent=9902"}],"wp:term":[{"taxonomy":"product_brand","embeddable":true,"href":"https:\/\/www.brucjardi.com\/fr\/wp-json\/wp\/v2\/product_brand?post=9902"},{"taxonomy":"product_cat","embeddable":true,"href":"https:\/\/www.brucjardi.com\/fr\/wp-json\/wp\/v2\/product_cat?post=9902"},{"taxonomy":"product_tag","embeddable":true,"href":"https:\/\/www.brucjardi.com\/fr\/wp-json\/wp\/v2\/product_tag?post=9902"}],"curies":[{"name":"wp","href":"https:\/\/api.w.org\/{rel}","templated":true}]}}